{"id":209,"date":"2023-03-18T12:32:34","date_gmt":"2023-03-18T11:32:34","guid":{"rendered":"https:\/\/vshaidershofen.ac.at\/?page_id=209"},"modified":"2026-01-06T22:22:49","modified_gmt":"2026-01-06T21:22:49","slug":"steckbrief-verena","status":"publish","type":"page","link":"https:\/\/vshaidershofen.ac.at\/index.php\/steckbrief-verena\/","title":{"rendered":"Steckbrief Verena Weiss"},"content":{"rendered":"\t\t<div data-elementor-type=\"wp-page\" data-elementor-id=\"209\" class=\"elementor elementor-209\">\n\t\t\t\t\t\t\t\t\t<section class=\"elementor-section elementor-top-section elementor-element elementor-element-4354d5b elementor-section-boxed elementor-section-height-default elementor-section-height-default\" data-id=\"4354d5b\" data-element_type=\"section\">\n\t\t\t\t\t\t<div class=\"elementor-container elementor-column-gap-default\">\n\t\t\t\t\t<div class=\"elementor-column elementor-col-100 elementor-top-column elementor-element elementor-element-2b20b68\" data-id=\"2b20b68\" data-element_type=\"column\">\n\t\t\t<div class=\"elementor-widget-wrap elementor-element-populated\">\n\t\t\t\t\t\t\t\t<div class=\"elementor-element elementor-element-1e0e6b9 elementor-widget elementor-widget-spacer\" data-id=\"1e0e6b9\" data-element_type=\"widget\" data-widget_type=\"spacer.default\">\n\t\t\t\t<div class=\"elementor-widget-container\">\n\t\t\t\t\t<div class=\"elementor-spacer\">\n\t\t\t<div class=\"elementor-spacer-inner\"><\/div>\n\t\t<\/div>\n\t\t\t\t<\/div>\n\t\t\t\t<\/div>\n\t\t\t\t<div class=\"elementor-element elementor-element-fe9453e elementor-widget elementor-widget-heading\" data-id=\"fe9453e\" data-element_type=\"widget\" data-widget_type=\"heading.default\">\n\t\t\t\t<div class=\"elementor-widget-container\">\n\t\t\t<h2 class=\"elementor-heading-title elementor-size-default\">Verena weiss<\/h2>\t\t<\/div>\n\t\t\t\t<\/div>\n\t\t\t\t<section class=\"elementor-section elementor-inner-section elementor-element elementor-element-a8df708 elementor-section-boxed elementor-section-height-default elementor-section-height-default\" data-id=\"a8df708\" data-element_type=\"section\">\n\t\t\t\t\t\t<div class=\"elementor-container elementor-column-gap-default\">\n\t\t\t\t\t<div class=\"elementor-column elementor-col-50 elementor-inner-column elementor-element elementor-element-30c2703\" data-id=\"30c2703\" data-element_type=\"column\">\n\t\t\t<div class=\"elementor-widget-wrap elementor-element-populated\">\n\t\t\t\t\t\t\t\t<div class=\"elementor-element elementor-element-f4dc6a2 elementor-widget elementor-widget-image\" data-id=\"f4dc6a2\" data-element_type=\"widget\" data-widget_type=\"image.default\">\n\t\t\t\t<div class=\"elementor-widget-container\">\n\t\t\t\t\t\t\t\t\t\t\t\t\t\t\t<img loading=\"lazy\" decoding=\"async\" width=\"731\" height=\"1024\" src=\"https:\/\/vshaidershofen.ac.at\/wp-content\/uploads\/2024\/10\/8508752-min-731x1024.jpg\" class=\"attachment-large size-large wp-image-1883\" alt=\"\" srcset=\"https:\/\/vshaidershofen.ac.at\/wp-content\/uploads\/2024\/10\/8508752-min-731x1024.jpg 731w, https:\/\/vshaidershofen.ac.at\/wp-content\/uploads\/2024\/10\/8508752-min-214x300.jpg 214w, https:\/\/vshaidershofen.ac.at\/wp-content\/uploads\/2024\/10\/8508752-min-768x1076.jpg 768w, https:\/\/vshaidershofen.ac.at\/wp-content\/uploads\/2024\/10\/8508752-min-1096x1536.jpg 1096w, https:\/\/vshaidershofen.ac.at\/wp-content\/uploads\/2024\/10\/8508752-min-1461x2048.jpg 1461w, https:\/\/vshaidershofen.ac.at\/wp-content\/uploads\/2024\/10\/8508752-min.jpg 1500w\" sizes=\"auto, (max-width: 731px) 100vw, 731px\" \/>\t\t\t\t\t\t\t\t\t\t\t\t\t\t\t<\/div>\n\t\t\t\t<\/div>\n\t\t\t\t\t<\/div>\n\t\t<\/div>\n\t\t\t\t<div class=\"elementor-column elementor-col-50 elementor-inner-column elementor-element elementor-element-7328304\" data-id=\"7328304\" data-element_type=\"column\">\n\t\t\t<div class=\"elementor-widget-wrap elementor-element-populated\">\n\t\t\t\t\t\t\t\t<div class=\"elementor-element elementor-element-68a349d elementor-widget elementor-widget-text-editor\" data-id=\"68a349d\" data-element_type=\"widget\" data-widget_type=\"text-editor.default\">\n\t\t\t\t<div class=\"elementor-widget-container\">\n\t\t\t\t\t\t\t<p><span style=\"text-decoration: underline;\">Mein Name: Verena Weiss<\/span><\/p><p>Welche Klasse bzw. F\u00e4cher unterrichte ich: Ich unterrichte dieses Schuljahr die Vorschulkinder und begleite die 1. Klassen als p\u00e4dagogische Verst\u00e4rkung.<\/p><p>\u00a0<\/p><p>Was gef\u00e4llt mir an meiner Arbeit:<\/p><ul><li style=\"list-style-type: none;\"><ul><li>\u00a0Kindern neues Wissen zu vermitteln<\/li><li>zu sehen wie motiviert und interessiert die Kinder arbeiten<\/li><li>Kinder in ihrer pers\u00f6nlichen Entwicklung zu begleiten und gemeinsam mit ihnen ihre Erfolge feiern<\/li><li>dass ich sehr oft kreativ sein kann<\/li><li>die Herzlichkeit mit der wir uns gegenseitig begegnen<\/li><\/ul><\/li><\/ul><p>\u00a0<\/p><p>Was mache ich gerne in meiner Freizeit:\u00a0<\/p><ul><li style=\"list-style-type: none;\"><ul><li>\u00a0Joggen<\/li><li>in der Sonne ein gutes Buch lesen<\/li><li>Wandern<\/li><li>Ausfl\u00fcge mit meiner Familie<\/li><li>mit meinen Kindern basteln und spielen<\/li><\/ul><\/li><\/ul><ul><li style=\"list-style-type: none;\"><img loading=\"lazy\" decoding=\"async\" class=\"size-medium wp-image-4169 alignright\" src=\"https:\/\/vshaidershofen.ac.at\/wp-content\/uploads\/2025\/12\/Kopie-von-Bunt-Verspielt-SchuleBildung-Landschaft-Bi-Falz-Broschuere-A51-e1767732199160-300x55.png\" alt=\"\" width=\"300\" height=\"55\" srcset=\"https:\/\/vshaidershofen.ac.at\/wp-content\/uploads\/2025\/12\/Kopie-von-Bunt-Verspielt-SchuleBildung-Landschaft-Bi-Falz-Broschuere-A51-e1767732199160-300x55.png 300w, https:\/\/vshaidershofen.ac.at\/wp-content\/uploads\/2025\/12\/Kopie-von-Bunt-Verspielt-SchuleBildung-Landschaft-Bi-Falz-Broschuere-A51-e1767732199160.png 548w\" sizes=\"auto, (max-width: 300px) 100vw, 300px\" \/><\/li><\/ul>\t\t\t\t\t\t<\/div>\n\t\t\t\t<\/div>\n\t\t\t\t\t<\/div>\n\t\t<\/div>\n\t\t\t\t\t\t\t<\/div>\n\t\t<\/section>\n\t\t\t\t<div class=\"elementor-element elementor-element-f2e4821 elementor-widget elementor-widget-spacer\" data-id=\"f2e4821\" data-element_type=\"widget\" data-widget_type=\"spacer.default\">\n\t\t\t\t<div class=\"elementor-widget-container\">\n\t\t\t\t\t<div class=\"elementor-spacer\">\n\t\t\t<div class=\"elementor-spacer-inner\"><\/div>\n\t\t<\/div>\n\t\t\t\t<\/div>\n\t\t\t\t<\/div>\n\t\t\t\t\t<\/div>\n\t\t<\/div>\n\t\t\t\t\t\t\t<\/div>\n\t\t<\/section>\n\t\t\t\t\t\t\t<\/div>\n\t\t","protected":false},"excerpt":{"rendered":"<p>Verena weiss Mein Name: Verena Weiss Welche Klasse bzw. F\u00e4cher unterrichte ich: Ich unterrichte dieses Schuljahr die Vorschulkinder und begleite die 1. Klassen als p\u00e4dagogische Verst\u00e4rkung. \u00a0 Was gef\u00e4llt mir&hellip;<\/p>\n","protected":false},"author":1,"featured_media":0,"parent":0,"menu_order":0,"comment_status":"closed","ping_status":"closed","template":"","meta":{"_themeisle_gutenberg_block_has_review":false,"footnotes":""},"class_list":["post-209","page","type-page","status-publish","hentry"],"_links":{"self":[{"href":"https:\/\/vshaidershofen.ac.at\/index.php\/wp-json\/wp\/v2\/pages\/209","targetHints":{"allow":["GET"]}}],"collection":[{"href":"https:\/\/vshaidershofen.ac.at\/index.php\/wp-json\/wp\/v2\/pages"}],"about":[{"href":"https:\/\/vshaidershofen.ac.at\/index.php\/wp-json\/wp\/v2\/types\/page"}],"author":[{"embeddable":true,"href":"https:\/\/vshaidershofen.ac.at\/index.php\/wp-json\/wp\/v2\/users\/1"}],"replies":[{"embeddable":true,"href":"https:\/\/vshaidershofen.ac.at\/index.php\/wp-json\/wp\/v2\/comments?post=209"}],"version-history":[{"count":33,"href":"https:\/\/vshaidershofen.ac.at\/index.php\/wp-json\/wp\/v2\/pages\/209\/revisions"}],"predecessor-version":[{"id":4250,"href":"https:\/\/vshaidershofen.ac.at\/index.php\/wp-json\/wp\/v2\/pages\/209\/revisions\/4250"}],"wp:attachment":[{"href":"https:\/\/vshaidershofen.ac.at\/index.php\/wp-json\/wp\/v2\/media?parent=209"}],"curies":[{"name":"wp","href":"https:\/\/api.w.org\/{rel}","templated":true}]}}